{"id":16,"date":"2023-12-02T20:23:13","date_gmt":"2023-12-02T19:23:13","guid":{"rendered":"https:\/\/test.bc-linn.net\/?page_id=16"},"modified":"2026-02-01T10:16:43","modified_gmt":"2026-02-01T09:16:43","slug":"ueber-uns","status":"publish","type":"page","link":"https:\/\/test.bc-linn.net\/?page_id=16","title":{"rendered":"\u00dcber Uns"},"content":{"rendered":"\t\t<div data-elementor-type=\"wp-page\" data-elementor-id=\"16\" class=\"elementor elementor-16\">\n\t\t\t\t\t\t\t<div class=\"elementor-element elementor-element-4e2d52d4 e-flex e-con-boxed wd-section-disabled e-con e-parent\" data-id=\"4e2d52d4\" data-element_type=\"container\" data-settings=\"{&quot;content_width&quot;:&quot;boxed&quot;}\" data-core-v316-plus=\"true\">\n\t\t\t\t\t<div class=\"e-con-inner\">\n\t\t\t\t<div class=\"elementor-element elementor-element-c67842f elementor-widget elementor-widget-wd_title\" data-id=\"c67842f\" data-element_type=\"widget\" data-widget_type=\"wd_title.default\">\n\t\t\t\t<div class=\"elementor-widget-container\">\n\t\t\t\t\t\t<link rel=\"stylesheet\" id=\"wd-section-title-css\" href=\"https:\/\/test.bc-linn.net\/wp-content\/themes\/woodmart\/css\/parts\/el-section-title.min.css?ver=7.3.4\" type=\"text\/css\" media=\"all\" \/> \t\t\t\t\t<div class=\"title-wrapper set-mb-s reset-last-child wd-title-color-default wd-title-style-default wd-title-size-extra-large text-left\">\n\n\t\t\t\n\t\t\t<div class=\"liner-continer\">\n\t\t\t\t<h4 class=\"woodmart-title-container title wd-fontsize-xxxl\">Unser Glaube<\/h4> \n\t\t\t\t\t\t\t<\/div>\n\n\t\t\t\t\t<\/div>\n\t\t\t\t<\/div>\n\t\t\t\t<\/div>\n\t\t\t\t<div class=\"elementor-element elementor-element-32e60d24 elementor-widget elementor-widget-wd_text_block\" data-id=\"32e60d24\" data-element_type=\"widget\" data-widget_type=\"wd_text_block.default\">\n\t\t\t\t<div class=\"elementor-widget-container\">\n\t\t\t\t\t\t<link rel=\"stylesheet\" id=\"wd-text-block-css\" href=\"https:\/\/test.bc-linn.net\/wp-content\/themes\/woodmart\/css\/parts\/el-text-block.min.css?ver=7.3.4\" type=\"text\/css\" media=\"all\" \/> \t\t\t\t\t<div class=\"wd-text-block reset-last-child text-left\">\n\t\t\t\n\t\t\t<p data-start=\"213\" data-end=\"559\"><em>Wir glauben, dass die Bibel das Wort Gottes ist und dass sie in unserer Zeit vollst\u00e4ndig ge\u00f6ffnet und geoffenbart wurde. Sie enth\u00e4lt kostbare Geheimnisse, die Gott bis zur Endzeit verborgen und mit sieben Siegeln verschlossen hielt. In dieser Zeit hat Gott das Buch mit den sieben Siegeln ge\u00f6ffnet und die darin verborgenen Geheimnisse offenbart.<\/em><\/p><p data-start=\"561\" data-end=\"832\"><em>Durch die Erkenntnis dieser biblischen Geheimnisse werden wir zur\u00fcckgef\u00fchrt zum Glauben unserer V\u00e4ter. Dies geschieht durch die Botschaft des Propheten Elia, die dem zweiten Kommen Jesu Christi vorausgeht und vor dem gro\u00dfen und furchtbaren Tag des Herrn verk\u00fcndigt wurde.<\/em><\/p>\n\t\t\t\t\t<\/div>\n\t\t\t\t<\/div>\n\t\t\t\t<\/div>\n\t\t\t\t\t<\/div>\n\t\t\t\t<\/div>\n\t\t<div class=\"wd-negative-gap elementor-element elementor-element-80940a1 e-flex e-con-boxed wd-section-disabled e-con e-parent\" data-id=\"80940a1\" data-element_type=\"container\" data-settings=\"{&quot;content_width&quot;:&quot;boxed&quot;}\" data-core-v316-plus=\"true\">\n\t\t\t\t\t<div class=\"e-con-inner\">\n\t\t<div class=\"elementor-element elementor-element-249f243 e-con-full e-flex wd-section-disabled e-con e-child\" data-id=\"249f243\" data-element_type=\"container\" data-settings=\"{&quot;content_width&quot;:&quot;full&quot;}\">\n\t\t\t\t<div class=\"elementor-element elementor-element-1b79724 elementor-widget elementor-widget-wd_title\" data-id=\"1b79724\" data-element_type=\"widget\" data-widget_type=\"wd_title.default\">\n\t\t\t\t<div class=\"elementor-widget-container\">\n\t\t\t\t\t<div class=\"title-wrapper set-mb-s reset-last-child wd-title-color-default wd-title-style-default wd-title-size-default text-left\">\n\n\t\t\t\n\t\t\t<div class=\"liner-continer\">\n\t\t\t\t<h4 class=\"woodmart-title-container title wd-fontsize-l\">Unser Gottesverst\u00e4ndnis<\/h4> \n\t\t\t\t\t\t\t<\/div>\n\n\t\t\t\t\t\t\t<div class=\"title-after_title set-cont-mb-s reset-last-child wd-fontsize-xs\">\n\t\t\t\t\t<p>Wir glauben an <strong>einen einzigen Gott<\/strong>, der sich auf drei Arten offenbart hat:<\/p><ul><li><p><strong>als Vater<\/strong> \u2013 Gott \u00fcber uns (Gott ist Geist),<\/p><\/li><li><p><strong>als Sohn<\/strong> \u2013 Gott mit uns,<\/p><\/li><li><p><strong>als Heiliger Geist<\/strong> \u2013 Gott in uns.<\/p><\/li><\/ul><p>Dabei handelt es sich nicht um drei G\u00f6tter, sondern immer um <strong>ein und denselben Gott<\/strong>, der sich auf unterschiedliche Weise offenbart.<\/p>\t\t\t\t<\/div>\n\t\t\t\t\t<\/div>\n\t\t\t\t<\/div>\n\t\t\t\t<\/div>\n\t\t\t\t<\/div>\n\t\t<div class=\"elementor-element elementor-element-17073f6 e-con-full e-flex wd-section-disabled e-con e-child\" data-id=\"17073f6\" data-element_type=\"container\" data-settings=\"{&quot;content_width&quot;:&quot;full&quot;}\">\n\t\t\t\t<div class=\"elementor-element elementor-element-adbc40a elementor-widget elementor-widget-wd_title\" data-id=\"adbc40a\" data-element_type=\"widget\" data-widget_type=\"wd_title.default\">\n\t\t\t\t<div class=\"elementor-widget-container\">\n\t\t\t\t\t<div class=\"title-wrapper set-mb-s reset-last-child wd-title-color-default wd-title-style-default wd-title-size-default text-left\">\n\n\t\t\t\n\t\t\t<div class=\"liner-continer\">\n\t\t\t\t<h4 class=\"woodmart-title-container title wd-fontsize-l\">Der Auftrag der Gemeinde<\/h4> \n\t\t\t\t\t\t\t<\/div>\n\n\t\t\t\t\t\t\t<div class=\"title-after_title set-cont-mb-s reset-last-child wd-fontsize-xs\">\n\t\t\t\t\t<p>Wir befolgen die drei Anweisungen Gottes f\u00fcr Seine Gemeinde:<\/p><ul><li><p><strong>Die Wassertaufe durch Untertauchen<\/strong> auf den Namen des Herrn Jesus Christus, die nach S\u00fcndenerkenntnis und echter Umkehr zu Gott erfolgt.<\/p><\/li><li><p><strong>Das Abendmahl<\/strong>, zur Erinnerung an das Opfer Jesu Christi.<\/p><\/li><li><p><strong>Die Fu\u00dfwaschung<\/strong>, als Zeichen der Demut, Liebe und des gegenseitigen Dienens.<\/p><\/li><\/ul>\t\t\t\t<\/div>\n\t\t\t\t\t<\/div>\n\t\t\t\t<\/div>\n\t\t\t\t<\/div>\n\t\t\t\t<\/div>\n\t\t\t\t\t<\/div>\n\t\t\t\t<\/div>\n\t\t<div class=\"wd-negative-gap elementor-element elementor-element-77460bd e-flex e-con-boxed wd-section-disabled e-con e-parent\" data-id=\"77460bd\" data-element_type=\"container\" data-settings=\"{&quot;content_width&quot;:&quot;boxed&quot;}\" data-core-v316-plus=\"true\">\n\t\t\t\t\t<div class=\"e-con-inner\">\n\t\t\t\t<div class=\"elementor-element elementor-element-f3c366a elementor-widget elementor-widget-spacer\" data-id=\"f3c366a\" data-element_type=\"widget\" data-widget_type=\"spacer.default\">\n\t\t\t\t<div class=\"elementor-widget-container\">\n\t\t\t<style>\/*! elementor - v3.17.0 - 08-11-2023 *\/\n.elementor-column .elementor-spacer-inner{height:var(--spacer-size)}.e-con{--container-widget-width:100%}.e-con-inner>.elementor-widget-spacer,.e-con>.elementor-widget-spacer{width:var(--container-widget-width,var(--spacer-size));--align-self:var(--container-widget-align-self,initial);--flex-shrink:0}.e-con-inner>.elementor-widget-spacer>.elementor-widget-container,.e-con>.elementor-widget-spacer>.elementor-widget-container{height:100%;width:100%}.e-con-inner>.elementor-widget-spacer>.elementor-widget-container>.elementor-spacer,.e-con>.elementor-widget-spacer>.elementor-widget-container>.elementor-spacer{height:100%}.e-con-inner>.elementor-widget-spacer>.elementor-widget-container>.elementor-spacer>.elementor-spacer-inner,.e-con>.elementor-widget-spacer>.elementor-widget-container>.elementor-spacer>.elementor-spacer-inner{height:var(--container-widget-height,var(--spacer-size))}.e-con-inner>.elementor-widget-spacer.elementor-widget-empty,.e-con>.elementor-widget-spacer.elementor-widget-empty{position:relative;min-height:22px;min-width:22px}.e-con-inner>.elementor-widget-spacer.elementor-widget-empty .elementor-widget-empty-icon,.e-con>.elementor-widget-spacer.elementor-widget-empty .elementor-widget-empty-icon{position:absolute;top:0;bottom:0;left:0;right:0;margin:auto;padding:0;width:22px;height:22px}<\/style>\t\t<div class=\"elementor-spacer\">\n\t\t\t<div class=\"elementor-spacer-inner\"><\/div>\n\t\t<\/div>\n\t\t\t\t<\/div>\n\t\t\t\t<\/div>\n\t\t\t\t<div class=\"elementor-element elementor-element-c8d6192 elementor-widget elementor-widget-wd_title\" data-id=\"c8d6192\" data-element_type=\"widget\" data-widget_type=\"wd_title.default\">\n\t\t\t\t<div class=\"elementor-widget-container\">\n\t\t\t\t\t<div class=\"title-wrapper set-mb-s reset-last-child wd-title-color-default wd-title-style-default wd-title-size-default text-center\">\n\n\t\t\t\n\t\t\t<div class=\"liner-continer\">\n\t\t\t\t<h4 class=\"woodmart-title-container title wd-fontsize-l\">Jesus Christus<\/h4> \n\t\t\t\t\t\t\t<\/div>\n\n\t\t\t\t\t\t\t<div class=\"title-after_title set-cont-mb-s reset-last-child wd-fontsize-xs\">\n\t\t\t\t\t<p>Wir glauben, dass Gott selbst in Jesus Christus Mensch geworden ist. In Ihm ist die ganze F\u00fclle der g\u00f6ttlichen Weisheit und Erkenntnis offenbar geworden und den Menschen wiedererstattet worden. Durch Jesus Christus hat Gott die Welt mit sich selbst vers\u00f6hnt und sich den Menschen vollkommen offenbart.<\/p>\t\t\t\t<\/div>\n\t\t\t\t\t<\/div>\n\t\t\t\t<\/div>\n\t\t\t\t<\/div>\n\t\t\t\t<div class=\"elementor-element elementor-element-80c6ae5 elementor-widget elementor-widget-spacer\" data-id=\"80c6ae5\" data-element_type=\"widget\" data-widget_type=\"spacer.default\">\n\t\t\t\t<div class=\"elementor-widget-container\">\n\t\t\t\t\t<div class=\"elementor-spacer\">\n\t\t\t<div class=\"elementor-spacer-inner\"><\/div>\n\t\t<\/div>\n\t\t\t\t<\/div>\n\t\t\t\t<\/div>\n\t\t\t\t\t<\/div>\n\t\t\t\t<\/div>\n\t\t<div class=\"wd-negative-gap elementor-element elementor-element-51869bc e-flex e-con-boxed wd-section-disabled e-con e-parent\" data-id=\"51869bc\" data-element_type=\"container\" data-settings=\"{&quot;content_width&quot;:&quot;boxed&quot;}\" data-core-v316-plus=\"true\">\n\t\t\t\t\t<div class=\"e-con-inner\">\n\t\t<div class=\"elementor-element elementor-element-afb85bf e-con-full e-flex wd-section-disabled e-con e-child\" data-id=\"afb85bf\" data-element_type=\"container\" data-settings=\"{&quot;content_width&quot;:&quot;full&quot;}\">\n\t\t\t\t<div class=\"elementor-element elementor-element-210667f elementor-widget elementor-widget-wd_title\" data-id=\"210667f\" data-element_type=\"widget\" data-widget_type=\"wd_title.default\">\n\t\t\t\t<div class=\"elementor-widget-container\">\n\t\t\t\t\t<div class=\"title-wrapper set-mb-s reset-last-child wd-title-color-default wd-title-style-default wd-title-size-default text-left\">\n\n\t\t\t\n\t\t\t<div class=\"liner-continer\">\n\t\t\t\t<h4 class=\"woodmart-title-container title wd-fontsize-l\">Die Offenbarung in der Endzeit<\/h4> \n\t\t\t\t\t\t\t<\/div>\n\n\t\t\t\t\t\t\t<div class=\"title-after_title set-cont-mb-s reset-last-child wd-fontsize-xs\">\n\t\t\t\t\t<p>Wir glauben, dass viele geheimnisvolle Themen in Gottes Wort bis zur Zeit des Endes versiegelt waren. In den letzten Tagen jedoch soll das Geheimnis Gottes vollendet werden, so wie Er es Seinen Knechten, den Propheten, als frohe Botschaft angek\u00fcndigt hat.<\/p>\t\t\t\t<\/div>\n\t\t\t\t\t<\/div>\n\t\t\t\t<\/div>\n\t\t\t\t<\/div>\n\t\t\t\t<\/div>\n\t\t<div class=\"elementor-element elementor-element-70a2c2e e-con-full e-flex wd-section-disabled e-con e-child\" data-id=\"70a2c2e\" data-element_type=\"container\" data-settings=\"{&quot;content_width&quot;:&quot;full&quot;}\">\n\t\t\t\t<div class=\"elementor-element elementor-element-6bb0d79 elementor-widget elementor-widget-wd_title\" data-id=\"6bb0d79\" data-element_type=\"widget\" data-widget_type=\"wd_title.default\">\n\t\t\t\t<div class=\"elementor-widget-container\">\n\t\t\t\t\t<div class=\"title-wrapper set-mb-s reset-last-child wd-title-color-default wd-title-style-default wd-title-size-default text-center\">\n\n\t\t\t\n\t\t\t<div class=\"liner-continer\">\n\t\t\t\t<h4 class=\"woodmart-title-container title wd-fontsize-l\">Unser zentrales Anliegen<\/h4> \n\t\t\t\t\t\t\t<\/div>\n\n\t\t\t\t\t\t\t<div class=\"title-after_title set-cont-mb-s reset-last-child wd-fontsize-xs\">\n\t\t\t\t\t<p>Wir glauben, dass das Wichtigste im Leben ist, <strong>bereit zu sein, Gott zu begegnen<\/strong>.<\/p>\t\t\t\t<\/div>\n\t\t\t\t\t<\/div>\n\t\t\t\t<\/div>\n\t\t\t\t<\/div>\n\t\t\t\t<\/div>\n\t\t\t\t\t<\/div>\n\t\t\t\t<\/div>\n\t\t\t\t\t<link rel=\"stylesheet\" id=\"wd-animations-css\" href=\"https:\/\/test.bc-linn.net\/wp-content\/themes\/woodmart\/css\/parts\/mod-animations-transform.min.css?ver=7.3.4\" type=\"text\/css\" media=\"all\" \/> \t\t\t\t\t<section class=\"wd-negative-gap elementor-section elementor-top-section elementor-element elementor-element-2ea0bb08 wd-animation-slide-from-top wd-animation-slow elementor-section-boxed elementor-section-height-default elementor-section-height-default wd-section-disabled wd_delay_100\" data-id=\"2ea0bb08\" data-element_type=\"section\" id=\"unser-begin\">\n\t\t\t\t\t\t<div class=\"elementor-container elementor-column-gap-default\">\n\t\t\t\t\t<div class=\"elementor-column elementor-col-100 elementor-top-column elementor-element elementor-element-7cb2a700\" data-id=\"7cb2a700\" data-element_type=\"column\">\n\t\t\t<div class=\"elementor-widget-wrap elementor-element-populated\">\n\t\t\t\t\t\t\t\t<div class=\"elementor-element elementor-element-ea84e69 elementor-widget elementor-widget-spacer\" data-id=\"ea84e69\" data-element_type=\"widget\" data-widget_type=\"spacer.default\">\n\t\t\t\t<div class=\"elementor-widget-container\">\n\t\t\t\t\t<div class=\"elementor-spacer\">\n\t\t\t<div class=\"elementor-spacer-inner\"><\/div>\n\t\t<\/div>\n\t\t\t\t<\/div>\n\t\t\t\t<\/div>\n\t\t\t\t<div class=\"elementor-element elementor-element-25b5809c elementor-widget elementor-widget-wd_title\" data-id=\"25b5809c\" data-element_type=\"widget\" data-widget_type=\"wd_title.default\">\n\t\t\t\t<div class=\"elementor-widget-container\">\n\t\t\t\t\t\t<link rel=\"stylesheet\" id=\"wd-section-title-style-simple-and-brd-css\" href=\"https:\/\/test.bc-linn.net\/wp-content\/themes\/woodmart\/css\/parts\/el-section-title-style-simple-and-brd.min.css?ver=7.3.4\" type=\"text\/css\" media=\"all\" \/> \t\t\t\t\t<div class=\"title-wrapper set-mb-s reset-last-child wd-title-color-primary wd-title-style-bordered wd-title-size-default text-center\">\n\n\t\t\t\n\t\t\t<div class=\"liner-continer\">\n\t\t\t\t<h4 class=\"woodmart-title-container title wd-fontsize-l\">Unser Beginn<\/h4> \n\t\t\t\t\t\t\t<\/div>\n\n\t\t\t\t\t<\/div>\n\t\t\t\t<\/div>\n\t\t\t\t<\/div>\n\t\t\t\t<div class=\"elementor-element elementor-element-53dc9c7d wd_scroll_y_-80 wd-parallax-on-scroll wd_scroll_x_0 wd_scroll_z_0 wd_scroll_smoothness_30 elementor-widget elementor-widget-wd_timeline\" data-id=\"53dc9c7d\" data-element_type=\"widget\" data-widget_type=\"wd_timeline.default\">\n\t\t\t\t<div class=\"elementor-widget-container\">\n\t\t\t\t\t\t<link rel=\"stylesheet\" id=\"wd-timeline-css\" href=\"https:\/\/test.bc-linn.net\/wp-content\/themes\/woodmart\/css\/parts\/el-timeline.min.css?ver=7.3.4\" type=\"text\/css\" media=\"all\" \/> \t\t\t\t\t<div class=\"wd-timeline-wrapper wd-item-shadow wd-line-dashed\">\n\t\t\t<div class=\"woodmart-timeline-line\">\n\t\t\t\t<span class=\"line-dot dot-start\"><\/span>\n\t\t\t\t<span class=\"line-dot dot-end\"><\/span>\n\t\t\t<\/div>\n\n\t\t\t<div class=\"wd-timeline\">\n\t\t\t\t\t\t\t\t\t\t\t\t\t\t\t\t\t\t\t\t<div class=\"wd-timeline-breakpoint elementor-repeater-item-72517f7\">\n\t\t\t\t\t\t\t<span class=\"woodmart-timeline-breakpoint-title\">\n\t\t\t\t\t\t\t\t1979\t\t\t\t\t\t\t<\/span>\n\t\t\t\t\t\t<\/div>\n\t\t\t\t\t\t\t\t\t\t\t\t\t\t\t\t\t\t\t\t\t\t\t\t\t<div class=\"wd-timeline-item wd-item-position-left elementor-repeater-item-aef73d4\">\n\t\t\t\t\t\t\t<div class=\"woodmart-timeline-dot\"><\/div>\n\n\t\t\t\t\t\t\t<div class=\"timeline-col timeline-col-primary\">\n\t\t\t\t\t\t\t\t<span class=\"timeline-arrow\"><\/span>\n\t\t\t\t\t\t\t\t\n\t\t\t\t\t\t\t\t\n\t\t\t\t\t\t\t\t<div class=\"wd-timeline-content set-cont-mb-s reset-last-child\">\n\t\t\t\t\t\t\t\t\t<h3 style=\"font-size: 28px;\">Erste Hauskreis-<br \/>Versammlungen in Much<\/h3><p>Im Mai 1979 trafen sich in Much zum ersten Mal Geschwister zu einer Hauskreis-Versammlung. In dieser Versammlung h\u00f6rte man die Predigten von Br. Branham.<\/p>\t\t\t\t\t\t\t\t<\/div>\n\t\t\t\t\t\t\t<\/div>\n\n\t\t\t\t\t\t\t<div class=\"timeline-col timeline-col-secondary\">\n\t\t\t\t\t\t\t\t<span class=\"timeline-arrow\"><\/span>\n\t\t\t\t\t\t\t\t\t\t\t\t\t\t\t\t\t<div class=\"wd-timeline-image\">\n\t\t\t\t\t\t\t\t\t\t<img fetchpriority=\"high\" decoding=\"async\" width=\"768\" height=\"525\" src=\"https:\/\/test.bc-linn.net\/wp-content\/uploads\/2023\/12\/gefaltete-haende-blau-768x525.png\" class=\"attachment-medium_large size-medium_large\" alt=\"\" srcset=\"https:\/\/test.bc-linn.net\/wp-content\/uploads\/2023\/12\/gefaltete-haende-blau-768x525.png 768w, https:\/\/test.bc-linn.net\/wp-content\/uploads\/2023\/12\/gefaltete-haende-blau-300x205.png 300w, https:\/\/test.bc-linn.net\/wp-content\/uploads\/2023\/12\/gefaltete-haende-blau-1024x699.png 1024w, https:\/\/test.bc-linn.net\/wp-content\/uploads\/2023\/12\/gefaltete-haende-blau-1536x1049.png 1536w, https:\/\/test.bc-linn.net\/wp-content\/uploads\/2023\/12\/gefaltete-haende-blau.png 1874w\" sizes=\"(max-width: 768px) 100vw, 768px\" \/>\t\t\t\t\t\t\t\t\t<\/div>\n\t\t\t\t\t\t\t\t\n\t\t\t\t\t\t\t\t\n\t\t\t\t\t\t\t\t<div class=\"wd-timeline-content set-cont-mb-s reset-last-child\">\n\t\t\t\t\t\t\t\t\t\t\t\t\t\t\t\t\t<\/div>\n\t\t\t\t\t\t\t<\/div>\n\t\t\t\t\t\t<\/div>\n\t\t\t\t\t\t\t\t\t\t\t\t\t\t\t\t\t\t\t\t\t\t\t\t\t<div class=\"wd-timeline-breakpoint elementor-repeater-item-be949da\">\n\t\t\t\t\t\t\t<span class=\"woodmart-timeline-breakpoint-title\">\n\t\t\t\t\t\t\t\t1980\t\t\t\t\t\t\t<\/span>\n\t\t\t\t\t\t<\/div>\n\t\t\t\t\t\t\t\t\t\t\t\t\t\t\t\t\t\t\t\t\t\t\t\t\t<div class=\"wd-timeline-item wd-item-position-right elementor-repeater-item-f40ab6a\">\n\t\t\t\t\t\t\t<div class=\"woodmart-timeline-dot\"><\/div>\n\n\t\t\t\t\t\t\t<div class=\"timeline-col timeline-col-primary\">\n\t\t\t\t\t\t\t\t<span class=\"timeline-arrow\"><\/span>\n\t\t\t\t\t\t\t\t\n\t\t\t\t\t\t\t\t\n\t\t\t\t\t\t\t\t<div class=\"wd-timeline-content set-cont-mb-s reset-last-child\">\n\t\t\t\t\t\t\t\t\t<h3 style=\"font-size: 28px;\">Hauskreis-Versammlungen bei <br \/>Br. Hermann Schumacher<\/h3><p>Ab 1980 trafen sich einige der Geschwister auch im Haus der Familie Hermann Schumacher. Der Hauskreis bei Br. Hermann Schumacher wuchs stetig, zeitweise versammelten sich bis zu 80 Personen im Hause Schumacher. Die Geschwister kamen haupts\u00e4chlich aus dem K\u00f6lner Raum und aus Krefeld, aber auch aus anderen Teilen Deutschlands. Viele junge Geschwister haben sich im Hause Schumacher getroffen und erlebten in den Jahren 1979 bis 1983 viele gesegnete Versammlungen. Besonders ist das Jahr 1982 in Erinnerung geblieben, als eine sehr gesegnete Erweckung unter den Jugendlichen ausbrach und viele junge Menschen sich bekehrten und ihr Leben dem Herrn Jesus Christus weihten.<\/p>\t\t\t\t\t\t\t\t<\/div>\n\t\t\t\t\t\t\t<\/div>\n\n\t\t\t\t\t\t\t<div class=\"timeline-col timeline-col-secondary\">\n\t\t\t\t\t\t\t\t<span class=\"timeline-arrow\"><\/span>\n\t\t\t\t\t\t\t\t\t\t\t\t\t\t\t\t\t<div class=\"wd-timeline-image\">\n\t\t\t\t\t\t\t\t\t\t<img decoding=\"async\" width=\"768\" height=\"512\" src=\"https:\/\/test.bc-linn.net\/wp-content\/uploads\/2023\/12\/bibel-aufgeschlagen-768x512.jpg\" class=\"attachment-medium_large size-medium_large\" alt=\"\" srcset=\"https:\/\/test.bc-linn.net\/wp-content\/uploads\/2023\/12\/bibel-aufgeschlagen-768x512.jpg 768w, https:\/\/test.bc-linn.net\/wp-content\/uploads\/2023\/12\/bibel-aufgeschlagen-300x200.jpg 300w, https:\/\/test.bc-linn.net\/wp-content\/uploads\/2023\/12\/bibel-aufgeschlagen-1024x683.jpg 1024w, https:\/\/test.bc-linn.net\/wp-content\/uploads\/2023\/12\/bibel-aufgeschlagen-1536x1024.jpg 1536w, https:\/\/test.bc-linn.net\/wp-content\/uploads\/2023\/12\/bibel-aufgeschlagen.jpg 1920w\" sizes=\"(max-width: 768px) 100vw, 768px\" \/>\t\t\t\t\t\t\t\t\t<\/div>\n\t\t\t\t\t\t\t\t\n\t\t\t\t\t\t\t\t\n\t\t\t\t\t\t\t\t<div class=\"wd-timeline-content set-cont-mb-s reset-last-child\">\n\t\t\t\t\t\t\t\t\t\t\t\t\t\t\t\t\t<\/div>\n\t\t\t\t\t\t\t<\/div>\n\t\t\t\t\t\t<\/div>\n\t\t\t\t\t\t\t\t\t\t\t\t\t\t\t\t\t\t\t\t\t\t\t\t\t<div class=\"wd-timeline-breakpoint elementor-repeater-item-85d82fc\">\n\t\t\t\t\t\t\t<span class=\"woodmart-timeline-breakpoint-title\">\n\t\t\t\t\t\t\t\t1983\t\t\t\t\t\t\t<\/span>\n\t\t\t\t\t\t<\/div>\n\t\t\t\t\t\t\t\t\t\t\t\t\t\t\t\t\t\t\t\t\t\t\t\t\t<div class=\"wd-timeline-item wd-item-position-left elementor-repeater-item-d06a9fb\">\n\t\t\t\t\t\t\t<div class=\"woodmart-timeline-dot\"><\/div>\n\n\t\t\t\t\t\t\t<div class=\"timeline-col timeline-col-primary\">\n\t\t\t\t\t\t\t\t<span class=\"timeline-arrow\"><\/span>\n\t\t\t\t\t\t\t\t\n\t\t\t\t\t\t\t\t\n\t\t\t\t\t\t\t\t<div class=\"wd-timeline-content set-cont-mb-s reset-last-child\">\n\t\t\t\t\t\t\t\t\t<h3 style=\"font-size: 28px;\"><strong>Von einer Hausversammlung zu einer Gemeinde<\/strong><\/h3><p>1983 war die Zeit gekommen, um einen neutralen Raum f\u00fcr die Versammlung zu suchen. Man fand einen passenden kleinen Saal bei der Firma FS-Karton in Neuss, einem Ort, der zwischen Krefeld und K\u00f6ln liegt. Aus diesem Gebiet kamen die meisten Geschwister zur Versammlung und so konnten sie alle die neue Anbetungsst\u00e4tte gut erreichen. Die Gemeinde w\u00e4hlte in dieser Zeit Br. Hermann Schumacher zu ihrem Pastor.<\/p>\t\t\t\t\t\t\t\t<\/div>\n\t\t\t\t\t\t\t<\/div>\n\n\t\t\t\t\t\t\t<div class=\"timeline-col timeline-col-secondary\">\n\t\t\t\t\t\t\t\t<span class=\"timeline-arrow\"><\/span>\n\t\t\t\t\t\t\t\t\t\t\t\t\t\t\t\t\t<div class=\"wd-timeline-image\">\n\t\t\t\t\t\t\t\t\t\t<img decoding=\"async\" width=\"1874\" height=\"1280\" src=\"https:\/\/test.bc-linn.net\/wp-content\/uploads\/2023\/12\/gefaltete-haende-blau.png\" class=\"attachment-full size-full\" alt=\"\" srcset=\"https:\/\/test.bc-linn.net\/wp-content\/uploads\/2023\/12\/gefaltete-haende-blau.png 1874w, https:\/\/test.bc-linn.net\/wp-content\/uploads\/2023\/12\/gefaltete-haende-blau-300x205.png 300w, https:\/\/test.bc-linn.net\/wp-content\/uploads\/2023\/12\/gefaltete-haende-blau-1024x699.png 1024w, https:\/\/test.bc-linn.net\/wp-content\/uploads\/2023\/12\/gefaltete-haende-blau-768x525.png 768w, https:\/\/test.bc-linn.net\/wp-content\/uploads\/2023\/12\/gefaltete-haende-blau-1536x1049.png 1536w\" sizes=\"(max-width: 1874px) 100vw, 1874px\" \/>\t\t\t\t\t\t\t\t\t<\/div>\n\t\t\t\t\t\t\t\t\n\t\t\t\t\t\t\t\t\n\t\t\t\t\t\t\t\t<div class=\"wd-timeline-content set-cont-mb-s reset-last-child\">\n\t\t\t\t\t\t\t\t\t\t\t\t\t\t\t\t\t<\/div>\n\t\t\t\t\t\t\t<\/div>\n\t\t\t\t\t\t<\/div>\n\t\t\t\t\t\t\t\t\t\t\t\t\t\t\t\t\t\t\t\t\t\t\t\t\t<div class=\"wd-timeline-breakpoint elementor-repeater-item-631d896\">\n\t\t\t\t\t\t\t<span class=\"woodmart-timeline-breakpoint-title\">\n\t\t\t\t\t\t\t\t1989\t\t\t\t\t\t\t<\/span>\n\t\t\t\t\t\t<\/div>\n\t\t\t\t\t\t\t\t\t\t\t\t\t\t\t\t\t\t\t\t\t\t\t\t\t<div class=\"wd-timeline-item wd-item-position-right elementor-repeater-item-dea654c\">\n\t\t\t\t\t\t\t<div class=\"woodmart-timeline-dot\"><\/div>\n\n\t\t\t\t\t\t\t<div class=\"timeline-col timeline-col-primary\">\n\t\t\t\t\t\t\t\t<span class=\"timeline-arrow\"><\/span>\n\t\t\t\t\t\t\t\t\n\t\t\t\t\t\t\t\t\n\t\t\t\t\t\t\t\t<div class=\"wd-timeline-content set-cont-mb-s reset-last-child\">\n\t\t\t\t\t\t\t\t\t<h3 style=\"font-size: 28px;\">Umzug in neue R\u00e4umlichkeiten<\/h3><p>1989 war es dann so weit, dass wieder ein Umzug anstand. Man fand einen sch\u00f6nen neuen Raum, gerade nur auf der anderen Seite der Bahnschienen, auf der Bockholtstrasse in Neuss. W\u00e4hrend der n\u00e4chsten 21 Jahre wurde der Dienst von Br. Hermann und die Gemeinde sehr gesegnet, die Gemeinde wuchs und es versammelten sich teilweise deutlich mehr als 100 Geschwister in dem kleinen Saal in Neuss.<\/p>\t\t\t\t\t\t\t\t<\/div>\n\t\t\t\t\t\t\t<\/div>\n\n\t\t\t\t\t\t\t<div class=\"timeline-col timeline-col-secondary\">\n\t\t\t\t\t\t\t\t<span class=\"timeline-arrow\"><\/span>\n\t\t\t\t\t\t\t\t\t\t\t\t\t\t\t\t\t<div class=\"wd-timeline-image\">\n\t\t\t\t\t\t\t\t\t\t<img decoding=\"async\" width=\"1874\" height=\"1280\" src=\"https:\/\/test.bc-linn.net\/wp-content\/uploads\/2023\/12\/gefaltete-haende-blau.png\" class=\"attachment-full size-full\" alt=\"\" srcset=\"https:\/\/test.bc-linn.net\/wp-content\/uploads\/2023\/12\/gefaltete-haende-blau.png 1874w, https:\/\/test.bc-linn.net\/wp-content\/uploads\/2023\/12\/gefaltete-haende-blau-300x205.png 300w, https:\/\/test.bc-linn.net\/wp-content\/uploads\/2023\/12\/gefaltete-haende-blau-1024x699.png 1024w, https:\/\/test.bc-linn.net\/wp-content\/uploads\/2023\/12\/gefaltete-haende-blau-768x525.png 768w, https:\/\/test.bc-linn.net\/wp-content\/uploads\/2023\/12\/gefaltete-haende-blau-1536x1049.png 1536w\" sizes=\"(max-width: 1874px) 100vw, 1874px\" \/>\t\t\t\t\t\t\t\t\t<\/div>\n\t\t\t\t\t\t\t\t\n\t\t\t\t\t\t\t\t\n\t\t\t\t\t\t\t\t<div class=\"wd-timeline-content set-cont-mb-s reset-last-child\">\n\t\t\t\t\t\t\t\t\t\t\t\t\t\t\t\t\t<\/div>\n\t\t\t\t\t\t\t<\/div>\n\t\t\t\t\t\t<\/div>\n\t\t\t\t\t\t\t\t\t\t\t\t\t\t\t\t\t\t\t\t\t\t\t\t\t<div class=\"wd-timeline-breakpoint elementor-repeater-item-741bf29\">\n\t\t\t\t\t\t\t<span class=\"woodmart-timeline-breakpoint-title\">\n\t\t\t\t\t\t\t\t2007\t\t\t\t\t\t\t<\/span>\n\t\t\t\t\t\t<\/div>\n\t\t\t\t\t\t\t\t\t\t\t\t\t\t\t\t\t\t\t\t\t\t\t\t\t<div class=\"wd-timeline-item wd-item-position-left elementor-repeater-item-db83814\">\n\t\t\t\t\t\t\t<div class=\"woodmart-timeline-dot\"><\/div>\n\n\t\t\t\t\t\t\t<div class=\"timeline-col timeline-col-primary\">\n\t\t\t\t\t\t\t\t<span class=\"timeline-arrow\"><\/span>\n\t\t\t\t\t\t\t\t\n\t\t\t\t\t\t\t\t\n\t\t\t\t\t\t\t\t<div class=\"wd-timeline-content set-cont-mb-s reset-last-child\">\n\t\t\t\t\t\t\t\t\t<h3 style=\"font-size: 28px;\"><strong>Heimgang von Pastor <br \/>Br. Hermann Schumacher<\/strong><\/h3><p>Br. Hermann war ein Pastor und Bruder, den alle Geschwister mochten und liebten. Mit Pastoren anderer Gemeinden pflegte er einen engen Kontakt und war mit vielen von ihnen eng befreundet. Im Januar 2007 wurde Br. Hermann Schumacher von seinem innig geliebten Herrn und Heiland nach Hause gerufen.<\/p>\t\t\t\t\t\t\t\t<\/div>\n\t\t\t\t\t\t\t<\/div>\n\n\t\t\t\t\t\t\t<div class=\"timeline-col timeline-col-secondary\">\n\t\t\t\t\t\t\t\t<span class=\"timeline-arrow\"><\/span>\n\t\t\t\t\t\t\t\t\t\t\t\t\t\t\t\t\t<div class=\"wd-timeline-image\">\n\t\t\t\t\t\t\t\t\t\t<img loading=\"lazy\" decoding=\"async\" width=\"2560\" height=\"1816\" src=\"https:\/\/test.bc-linn.net\/wp-content\/uploads\/2024\/12\/Bild-Hermann-Schumacher-2-scaled.jpeg\" class=\"attachment-full size-full\" alt=\"\" srcset=\"https:\/\/test.bc-linn.net\/wp-content\/uploads\/2024\/12\/Bild-Hermann-Schumacher-2-scaled.jpeg 2560w, https:\/\/test.bc-linn.net\/wp-content\/uploads\/2024\/12\/Bild-Hermann-Schumacher-2-300x213.jpeg 300w, https:\/\/test.bc-linn.net\/wp-content\/uploads\/2024\/12\/Bild-Hermann-Schumacher-2-1024x726.jpeg 1024w, https:\/\/test.bc-linn.net\/wp-content\/uploads\/2024\/12\/Bild-Hermann-Schumacher-2-768x545.jpeg 768w, https:\/\/test.bc-linn.net\/wp-content\/uploads\/2024\/12\/Bild-Hermann-Schumacher-2-1536x1090.jpeg 1536w, https:\/\/test.bc-linn.net\/wp-content\/uploads\/2024\/12\/Bild-Hermann-Schumacher-2-2048x1453.jpeg 2048w\" sizes=\"(max-width: 2560px) 100vw, 2560px\" \/>\t\t\t\t\t\t\t\t\t<\/div>\n\t\t\t\t\t\t\t\t\n\t\t\t\t\t\t\t\t\n\t\t\t\t\t\t\t\t<div class=\"wd-timeline-content set-cont-mb-s reset-last-child\">\n\t\t\t\t\t\t\t\t\t\t\t\t\t\t\t\t\t<\/div>\n\t\t\t\t\t\t\t<\/div>\n\t\t\t\t\t\t<\/div>\n\t\t\t\t\t\t\t\t\t\t\t\t\t\t\t\t\t\t\t\t\t\t\t\t\t<div class=\"wd-timeline-item wd-item-position-right elementor-repeater-item-1c3386a\">\n\t\t\t\t\t\t\t<div class=\"woodmart-timeline-dot\"><\/div>\n\n\t\t\t\t\t\t\t<div class=\"timeline-col timeline-col-primary\">\n\t\t\t\t\t\t\t\t<span class=\"timeline-arrow\"><\/span>\n\t\t\t\t\t\t\t\t\n\t\t\t\t\t\t\t\t\n\t\t\t\t\t\t\t\t<div class=\"wd-timeline-content set-cont-mb-s reset-last-child\">\n\t\t\t\t\t\t\t\t\t<h3 style=\"font-size: 28px;\">Pastor Br. Gustav Panknin<\/h3><p>Nach diesen schweren Monaten wurde Br. Gustav Panknin von der Gemeinde zum Pastor gew\u00e4hlt. Br. Gustav war von den ersten Tagen an ein Teil der Gemeinde und er kennt noch gut die Zeit des Hauskreises bei Familie Schumacher. \u00dcber all die Jahre hat er Br. Hermann tatkr\u00e4ftig unterst\u00fctzt und stand der Gemeinde mit verschiedenen Diensten zur Seite.<\/p>\t\t\t\t\t\t\t\t<\/div>\n\t\t\t\t\t\t\t<\/div>\n\n\t\t\t\t\t\t\t<div class=\"timeline-col timeline-col-secondary\">\n\t\t\t\t\t\t\t\t<span class=\"timeline-arrow\"><\/span>\n\t\t\t\t\t\t\t\t\t\t\t\t\t\t\t\t\t<div class=\"wd-timeline-image\">\n\t\t\t\t\t\t\t\t\t\t<img loading=\"lazy\" decoding=\"async\" width=\"1920\" height=\"1280\" src=\"https:\/\/test.bc-linn.net\/wp-content\/uploads\/2023\/12\/bibel-aufgeschlagen.jpg\" class=\"attachment-full size-full\" alt=\"\" srcset=\"https:\/\/test.bc-linn.net\/wp-content\/uploads\/2023\/12\/bibel-aufgeschlagen.jpg 1920w, https:\/\/test.bc-linn.net\/wp-content\/uploads\/2023\/12\/bibel-aufgeschlagen-300x200.jpg 300w, https:\/\/test.bc-linn.net\/wp-content\/uploads\/2023\/12\/bibel-aufgeschlagen-1024x683.jpg 1024w, https:\/\/test.bc-linn.net\/wp-content\/uploads\/2023\/12\/bibel-aufgeschlagen-768x512.jpg 768w, https:\/\/test.bc-linn.net\/wp-content\/uploads\/2023\/12\/bibel-aufgeschlagen-1536x1024.jpg 1536w\" sizes=\"(max-width: 1920px) 100vw, 1920px\" \/>\t\t\t\t\t\t\t\t\t<\/div>\n\t\t\t\t\t\t\t\t\n\t\t\t\t\t\t\t\t\n\t\t\t\t\t\t\t\t<div class=\"wd-timeline-content set-cont-mb-s reset-last-child\">\n\t\t\t\t\t\t\t\t\t\t\t\t\t\t\t\t\t<\/div>\n\t\t\t\t\t\t\t<\/div>\n\t\t\t\t\t\t<\/div>\n\t\t\t\t\t\t\t\t\t\t\t\t\t\t\t\t\t\t\t\t\t\t\t\t\t<div class=\"wd-timeline-breakpoint elementor-repeater-item-04d6e35\">\n\t\t\t\t\t\t\t<span class=\"woodmart-timeline-breakpoint-title\">\n\t\t\t\t\t\t\t\t2010\t\t\t\t\t\t\t<\/span>\n\t\t\t\t\t\t<\/div>\n\t\t\t\t\t\t\t\t\t\t\t\t\t\t\t\t\t\t\t\t\t\t\t\t\t<div class=\"wd-timeline-item wd-item-position-left elementor-repeater-item-89060b8\">\n\t\t\t\t\t\t\t<div class=\"woodmart-timeline-dot\"><\/div>\n\n\t\t\t\t\t\t\t<div class=\"timeline-col timeline-col-primary\">\n\t\t\t\t\t\t\t\t<span class=\"timeline-arrow\"><\/span>\n\t\t\t\t\t\t\t\t\n\t\t\t\t\t\t\t\t\n\t\t\t\t\t\t\t\t<div class=\"wd-timeline-content set-cont-mb-s reset-last-child\">\n\t\t\t\t\t\t\t\t\t<h3 style=\"font-size: 28px;\">Neuer Gemeindesaal und <br \/>Umzug nach Krefeld Linn<\/h3><p>Als junger Pastor mit viel Schaffenskraft sah Br. Gustav schon bald die Notwendigkeit, dass die Gemeinde in einen gr\u00f6\u00dferen Saal umziehen muss. Die Versammlung brauchte dringend mehr Platz und auch bessere r\u00e4umliche M\u00f6glichkeiten f\u00fcr die Kinderstunde und f\u00fcr Jungendversammlungen. Br. Gustav hat diese Vision umgesetzt, nachdem der Herr uns ein sehr gutes Angebot eines Saales in Krefeld gegeben hat. Krefeld war nun der bessere Standort, weil die Mehrheit der Geschwister mittlerweile aus Krefeld kam.<br \/>\u00a0So versammelt sich die Gemeinde durch die Gnade des Herrn seit April 2010 in dem Versammlungsgeb\u00e4ude genannt \u201eEvangeliums-Haus\u201c auf der Carl-Sonnenschein Str. 100 in Krefeld-Linn.<\/p>\t\t\t\t\t\t\t\t<\/div>\n\t\t\t\t\t\t\t<\/div>\n\n\t\t\t\t\t\t\t<div class=\"timeline-col timeline-col-secondary\">\n\t\t\t\t\t\t\t\t<span class=\"timeline-arrow\"><\/span>\n\t\t\t\t\t\t\t\t\t\t\t\t\t\t\t\t\t<div class=\"wd-timeline-image\">\n\t\t\t\t\t\t\t\t\t\t<img decoding=\"async\" width=\"1874\" height=\"1280\" src=\"https:\/\/test.bc-linn.net\/wp-content\/uploads\/2023\/12\/gefaltete-haende-blau.png\" class=\"attachment-full size-full\" alt=\"\" srcset=\"https:\/\/test.bc-linn.net\/wp-content\/uploads\/2023\/12\/gefaltete-haende-blau.png 1874w, https:\/\/test.bc-linn.net\/wp-content\/uploads\/2023\/12\/gefaltete-haende-blau-300x205.png 300w, https:\/\/test.bc-linn.net\/wp-content\/uploads\/2023\/12\/gefaltete-haende-blau-1024x699.png 1024w, https:\/\/test.bc-linn.net\/wp-content\/uploads\/2023\/12\/gefaltete-haende-blau-768x525.png 768w, https:\/\/test.bc-linn.net\/wp-content\/uploads\/2023\/12\/gefaltete-haende-blau-1536x1049.png 1536w\" sizes=\"(max-width: 1874px) 100vw, 1874px\" \/>\t\t\t\t\t\t\t\t\t<\/div>\n\t\t\t\t\t\t\t\t\n\t\t\t\t\t\t\t\t\n\t\t\t\t\t\t\t\t<div class=\"wd-timeline-content set-cont-mb-s reset-last-child\">\n\t\t\t\t\t\t\t\t\t\t\t\t\t\t\t\t\t<\/div>\n\t\t\t\t\t\t\t<\/div>\n\t\t\t\t\t\t<\/div>\n\t\t\t\t\t\t\t\t\t\t\t\t\t\t\t\t\t\t\t\t\t\t\t\t\t<div class=\"wd-timeline-breakpoint elementor-repeater-item-236301b\">\n\t\t\t\t\t\t\t<span class=\"woodmart-timeline-breakpoint-title\">\n\t\t\t\t\t\t\t\tHEUTE\t\t\t\t\t\t\t<\/span>\n\t\t\t\t\t\t<\/div>\n\t\t\t\t\t\t\t\t\t\t\t\t<\/div>\n\t\t<\/div>\n\t\t\t\t<\/div>\n\t\t\t\t<\/div>\n\t\t\t\t\t<\/div>\n\t\t<\/div>\n\t\t\t\t\t\t\t<\/div>\n\t\t<\/section>\n\t\t\t\t<section class=\"wd-negative-gap elementor-section elementor-top-section elementor-element elementor-element-e17e058 wd-animation-slide-from-top wd-animation-slow elementor-section-boxed elementor-section-height-default elementor-section-height-default wd-section-disabled wd_delay_100\" data-id=\"e17e058\" data-element_type=\"section\">\n\t\t\t\t\t\t<div class=\"elementor-container elementor-column-gap-default\">\n\t\t\t\t\t<div class=\"elementor-column elementor-col-100 elementor-top-column elementor-element elementor-element-74721cb\" data-id=\"74721cb\" data-element_type=\"column\">\n\t\t\t<div class=\"elementor-widget-wrap elementor-element-populated\">\n\t\t\t\t\t\t\t\t<div class=\"elementor-element elementor-element-b952065 elementor-widget elementor-widget-spacer\" data-id=\"b952065\" data-element_type=\"widget\" data-widget_type=\"spacer.default\">\n\t\t\t\t<div class=\"elementor-widget-container\">\n\t\t\t\t\t<div class=\"elementor-spacer\">\n\t\t\t<div class=\"elementor-spacer-inner\"><\/div>\n\t\t<\/div>\n\t\t\t\t<\/div>\n\t\t\t\t<\/div>\n\t\t\t\t<div class=\"elementor-element elementor-element-7972476 elementor-widget elementor-widget-wd_title\" data-id=\"7972476\" data-element_type=\"widget\" data-widget_type=\"wd_title.default\">\n\t\t\t\t<div class=\"elementor-widget-container\">\n\t\t\t\t\t<div class=\"title-wrapper set-mb-s reset-last-child wd-title-color-primary wd-title-style-bordered wd-title-size-default text-center\">\n\n\t\t\t\n\t\t\t<div class=\"liner-continer\">\n\t\t\t\t<h4 class=\"woodmart-title-container title wd-fontsize-l\">Unser Beginn<\/h4> \n\t\t\t\t\t\t\t<\/div>\n\n\t\t\t\t\t<\/div>\n\t\t\t\t<\/div>\n\t\t\t\t<\/div>\n\t\t\t\t<div class=\"elementor-element elementor-element-85f2088 wd_scroll_y_-80 wd-parallax-on-scroll wd_scroll_x_0 wd_scroll_z_0 wd_scroll_smoothness_30 elementor-widget elementor-widget-wd_timeline\" data-id=\"85f2088\" data-element_type=\"widget\" data-widget_type=\"wd_timeline.default\">\n\t\t\t\t<div class=\"elementor-widget-container\">\n\t\t\t\t\t<div class=\"wd-timeline-wrapper wd-item-shadow wd-line-dashed\">\n\t\t\t<div class=\"woodmart-timeline-line\">\n\t\t\t\t<span class=\"line-dot dot-start\"><\/span>\n\t\t\t\t<span class=\"line-dot dot-end\"><\/span>\n\t\t\t<\/div>\n\n\t\t\t<div class=\"wd-timeline\">\n\t\t\t\t\t\t\t\t\t\t\t\t\t\t\t\t\t\t\t\t<div class=\"wd-timeline-breakpoint elementor-repeater-item-72517f7\">\n\t\t\t\t\t\t\t<span class=\"woodmart-timeline-breakpoint-title\">\n\t\t\t\t\t\t\t\t1979\t\t\t\t\t\t\t<\/span>\n\t\t\t\t\t\t<\/div>\n\t\t\t\t\t\t\t\t\t\t\t\t\t\t\t\t\t\t\t\t\t\t\t\t\t<div class=\"wd-timeline-item wd-item-position-left elementor-repeater-item-aef73d4\">\n\t\t\t\t\t\t\t<div class=\"woodmart-timeline-dot\"><\/div>\n\n\t\t\t\t\t\t\t<div class=\"timeline-col timeline-col-primary\">\n\t\t\t\t\t\t\t\t<span class=\"timeline-arrow\"><\/span>\n\t\t\t\t\t\t\t\t\n\t\t\t\t\t\t\t\t\n\t\t\t\t\t\t\t\t<div class=\"wd-timeline-content set-cont-mb-s reset-last-child\">\n\t\t\t\t\t\t\t\t\t<h3 style=\"font-size: 28px;\">Erste Hauskreis-<br \/>Versammlungen in Much<\/h3><p>Im Mai 1979 trafen sich in Much zum ersten Mal Geschwister zu einer Hauskreis-Versammlung. In dieser Versammlung h\u00f6rte man die Predigten von Br. Branham.<\/p>\t\t\t\t\t\t\t\t<\/div>\n\t\t\t\t\t\t\t<\/div>\n\n\t\t\t\t\t\t\t<div class=\"timeline-col timeline-col-secondary\">\n\t\t\t\t\t\t\t\t<span class=\"timeline-arrow\"><\/span>\n\t\t\t\t\t\t\t\t\t\t\t\t\t\t\t\t\t<div class=\"wd-timeline-image\">\n\t\t\t\t\t\t\t\t\t\t<img fetchpriority=\"high\" decoding=\"async\" width=\"768\" height=\"525\" src=\"https:\/\/test.bc-linn.net\/wp-content\/uploads\/2023\/12\/gefaltete-haende-blau-768x525.png\" class=\"attachment-medium_large size-medium_large\" alt=\"\" srcset=\"https:\/\/test.bc-linn.net\/wp-content\/uploads\/2023\/12\/gefaltete-haende-blau-768x525.png 768w, https:\/\/test.bc-linn.net\/wp-content\/uploads\/2023\/12\/gefaltete-haende-blau-300x205.png 300w, https:\/\/test.bc-linn.net\/wp-content\/uploads\/2023\/12\/gefaltete-haende-blau-1024x699.png 1024w, https:\/\/test.bc-linn.net\/wp-content\/uploads\/2023\/12\/gefaltete-haende-blau-1536x1049.png 1536w, https:\/\/test.bc-linn.net\/wp-content\/uploads\/2023\/12\/gefaltete-haende-blau.png 1874w\" sizes=\"(max-width: 768px) 100vw, 768px\" \/>\t\t\t\t\t\t\t\t\t<\/div>\n\t\t\t\t\t\t\t\t\n\t\t\t\t\t\t\t\t\n\t\t\t\t\t\t\t\t<div class=\"wd-timeline-content set-cont-mb-s reset-last-child\">\n\t\t\t\t\t\t\t\t\t\t\t\t\t\t\t\t\t<\/div>\n\t\t\t\t\t\t\t<\/div>\n\t\t\t\t\t\t<\/div>\n\t\t\t\t\t\t\t\t\t\t\t\t\t\t\t\t\t\t\t\t\t\t\t\t\t<div class=\"wd-timeline-breakpoint elementor-repeater-item-be949da\">\n\t\t\t\t\t\t\t<span class=\"woodmart-timeline-breakpoint-title\">\n\t\t\t\t\t\t\t\t1980\t\t\t\t\t\t\t<\/span>\n\t\t\t\t\t\t<\/div>\n\t\t\t\t\t\t\t\t\t\t\t\t\t\t\t\t\t\t\t\t\t\t\t\t\t<div class=\"wd-timeline-item wd-item-position-right elementor-repeater-item-f40ab6a\">\n\t\t\t\t\t\t\t<div class=\"woodmart-timeline-dot\"><\/div>\n\n\t\t\t\t\t\t\t<div class=\"timeline-col timeline-col-primary\">\n\t\t\t\t\t\t\t\t<span class=\"timeline-arrow\"><\/span>\n\t\t\t\t\t\t\t\t\n\t\t\t\t\t\t\t\t\n\t\t\t\t\t\t\t\t<div class=\"wd-timeline-content set-cont-mb-s reset-last-child\">\n\t\t\t\t\t\t\t\t\t<h3 style=\"font-size: 28px;\">Hauskreis-Versammlungen bei <br \/>Br. Hermann Schumacher<\/h3><p>Ab 1980 trafen sich einige der Geschwister auch im Haus der Familie Hermann Schumacher. Der Hauskreis bei Br. Hermann Schumacher wuchs stetig, zeitweise versammelten sich bis zu 80 Personen im Hause Schumacher. Die Geschwister kamen haupts\u00e4chlich aus dem K\u00f6lner Raum und aus Krefeld, aber auch aus anderen Teilen Deutschlands. Viele junge Geschwister haben sich im Hause Schumacher getroffen und erlebten in den Jahren 1979 bis 1983 viele gesegnete Versammlungen. Besonders ist das Jahr 1982 in Erinnerung geblieben, als eine sehr gesegnete Erweckung unter den Jugendlichen ausbrach und viele junge Menschen sich bekehrten und ihr Leben dem Herrn Jesus Christus weihten.<\/p>\t\t\t\t\t\t\t\t<\/div>\n\t\t\t\t\t\t\t<\/div>\n\n\t\t\t\t\t\t\t<div class=\"timeline-col timeline-col-secondary\">\n\t\t\t\t\t\t\t\t<span class=\"timeline-arrow\"><\/span>\n\t\t\t\t\t\t\t\t\t\t\t\t\t\t\t\t\t<div class=\"wd-timeline-image\">\n\t\t\t\t\t\t\t\t\t\t<img decoding=\"async\" width=\"768\" height=\"512\" src=\"https:\/\/test.bc-linn.net\/wp-content\/uploads\/2023\/12\/bibel-aufgeschlagen-768x512.jpg\" class=\"attachment-medium_large size-medium_large\" alt=\"\" srcset=\"https:\/\/test.bc-linn.net\/wp-content\/uploads\/2023\/12\/bibel-aufgeschlagen-768x512.jpg 768w, https:\/\/test.bc-linn.net\/wp-content\/uploads\/2023\/12\/bibel-aufgeschlagen-300x200.jpg 300w, https:\/\/test.bc-linn.net\/wp-content\/uploads\/2023\/12\/bibel-aufgeschlagen-1024x683.jpg 1024w, https:\/\/test.bc-linn.net\/wp-content\/uploads\/2023\/12\/bibel-aufgeschlagen-1536x1024.jpg 1536w, https:\/\/test.bc-linn.net\/wp-content\/uploads\/2023\/12\/bibel-aufgeschlagen.jpg 1920w\" sizes=\"(max-width: 768px) 100vw, 768px\" \/>\t\t\t\t\t\t\t\t\t<\/div>\n\t\t\t\t\t\t\t\t\n\t\t\t\t\t\t\t\t\n\t\t\t\t\t\t\t\t<div class=\"wd-timeline-content set-cont-mb-s reset-last-child\">\n\t\t\t\t\t\t\t\t\t\t\t\t\t\t\t\t\t<\/div>\n\t\t\t\t\t\t\t<\/div>\n\t\t\t\t\t\t<\/div>\n\t\t\t\t\t\t\t\t\t\t\t\t\t\t\t\t\t\t\t\t\t\t\t\t\t<div class=\"wd-timeline-breakpoint elementor-repeater-item-85d82fc\">\n\t\t\t\t\t\t\t<span class=\"woodmart-timeline-breakpoint-title\">\n\t\t\t\t\t\t\t\t1983\t\t\t\t\t\t\t<\/span>\n\t\t\t\t\t\t<\/div>\n\t\t\t\t\t\t\t\t\t\t\t\t\t\t\t\t\t\t\t\t\t\t\t\t\t<div class=\"wd-timeline-item wd-item-position-left elementor-repeater-item-d06a9fb\">\n\t\t\t\t\t\t\t<div class=\"woodmart-timeline-dot\"><\/div>\n\n\t\t\t\t\t\t\t<div class=\"timeline-col timeline-col-primary\">\n\t\t\t\t\t\t\t\t<span class=\"timeline-arrow\"><\/span>\n\t\t\t\t\t\t\t\t\n\t\t\t\t\t\t\t\t\n\t\t\t\t\t\t\t\t<div class=\"wd-timeline-content set-cont-mb-s reset-last-child\">\n\t\t\t\t\t\t\t\t\t<h3 style=\"font-size: 28px;\"><strong>Von einer Hausversammlung zu einer Gemeinde<\/strong><\/h3><p>1983 war die Zeit gekommen, um einen neutralen Raum f\u00fcr die Versammlung zu suchen. Man fand einen passenden kleinen Saal bei der Firma FS-Karton in Neuss, einem Ort, der zwischen Krefeld und K\u00f6ln liegt. Aus diesem Gebiet kamen die meisten Geschwister zur Versammlung und so konnten sie alle die neue Anbetungsst\u00e4tte gut erreichen. Die Gemeinde w\u00e4hlte in dieser Zeit Br. Hermann Schumacher zu ihrem Pastor.<\/p>\t\t\t\t\t\t\t\t<\/div>\n\t\t\t\t\t\t\t<\/div>\n\n\t\t\t\t\t\t\t<div class=\"timeline-col timeline-col-secondary\">\n\t\t\t\t\t\t\t\t<span class=\"timeline-arrow\"><\/span>\n\t\t\t\t\t\t\t\t\t\t\t\t\t\t\t\t\t<div class=\"wd-timeline-image\">\n\t\t\t\t\t\t\t\t\t\t<img decoding=\"async\" width=\"1874\" height=\"1280\" src=\"https:\/\/test.bc-linn.net\/wp-content\/uploads\/2023\/12\/gefaltete-haende-blau.png\" class=\"attachment-full size-full\" alt=\"\" srcset=\"https:\/\/test.bc-linn.net\/wp-content\/uploads\/2023\/12\/gefaltete-haende-blau.png 1874w, https:\/\/test.bc-linn.net\/wp-content\/uploads\/2023\/12\/gefaltete-haende-blau-300x205.png 300w, https:\/\/test.bc-linn.net\/wp-content\/uploads\/2023\/12\/gefaltete-haende-blau-1024x699.png 1024w, https:\/\/test.bc-linn.net\/wp-content\/uploads\/2023\/12\/gefaltete-haende-blau-768x525.png 768w, https:\/\/test.bc-linn.net\/wp-content\/uploads\/2023\/12\/gefaltete-haende-blau-1536x1049.png 1536w\" sizes=\"(max-width: 1874px) 100vw, 1874px\" \/>\t\t\t\t\t\t\t\t\t<\/div>\n\t\t\t\t\t\t\t\t\n\t\t\t\t\t\t\t\t\n\t\t\t\t\t\t\t\t<div class=\"wd-timeline-content set-cont-mb-s reset-last-child\">\n\t\t\t\t\t\t\t\t\t\t\t\t\t\t\t\t\t<\/div>\n\t\t\t\t\t\t\t<\/div>\n\t\t\t\t\t\t<\/div>\n\t\t\t\t\t\t\t\t\t\t\t\t\t\t\t\t\t\t\t\t\t\t\t\t\t<div class=\"wd-timeline-breakpoint elementor-repeater-item-631d896\">\n\t\t\t\t\t\t\t<span class=\"woodmart-timeline-breakpoint-title\">\n\t\t\t\t\t\t\t\t1989\t\t\t\t\t\t\t<\/span>\n\t\t\t\t\t\t<\/div>\n\t\t\t\t\t\t\t\t\t\t\t\t\t\t\t\t\t\t\t\t\t\t\t\t\t<div class=\"wd-timeline-item wd-item-position-right elementor-repeater-item-dea654c\">\n\t\t\t\t\t\t\t<div class=\"woodmart-timeline-dot\"><\/div>\n\n\t\t\t\t\t\t\t<div class=\"timeline-col timeline-col-primary\">\n\t\t\t\t\t\t\t\t<span class=\"timeline-arrow\"><\/span>\n\t\t\t\t\t\t\t\t\n\t\t\t\t\t\t\t\t\n\t\t\t\t\t\t\t\t<div class=\"wd-timeline-content set-cont-mb-s reset-last-child\">\n\t\t\t\t\t\t\t\t\t<h3 style=\"font-size: 28px;\">Umzug in neue R\u00e4umlichkeiten<\/h3><p>1989 war es dann so weit, dass wieder ein Umzug anstand. Man fand einen sch\u00f6nen neuen Raum, gerade nur auf der anderen Seite der Bahnschienen, auf der Bockholtstrasse in Neuss. W\u00e4hrend der n\u00e4chsten 21 Jahre wurde der Dienst von Br. Hermann und die Gemeinde sehr gesegnet, die Gemeinde wuchs und es versammelten sich teilweise deutlich mehr als 100 Geschwister in dem kleinen Saal in Neuss.<\/p>\t\t\t\t\t\t\t\t<\/div>\n\t\t\t\t\t\t\t<\/div>\n\n\t\t\t\t\t\t\t<div class=\"timeline-col timeline-col-secondary\">\n\t\t\t\t\t\t\t\t<span class=\"timeline-arrow\"><\/span>\n\t\t\t\t\t\t\t\t\t\t\t\t\t\t\t\t\t<div class=\"wd-timeline-image\">\n\t\t\t\t\t\t\t\t\t\t<img decoding=\"async\" width=\"1874\" height=\"1280\" src=\"https:\/\/test.bc-linn.net\/wp-content\/uploads\/2023\/12\/gefaltete-haende-blau.png\" class=\"attachment-full size-full\" alt=\"\" srcset=\"https:\/\/test.bc-linn.net\/wp-content\/uploads\/2023\/12\/gefaltete-haende-blau.png 1874w, https:\/\/test.bc-linn.net\/wp-content\/uploads\/2023\/12\/gefaltete-haende-blau-300x205.png 300w, https:\/\/test.bc-linn.net\/wp-content\/uploads\/2023\/12\/gefaltete-haende-blau-1024x699.png 1024w, https:\/\/test.bc-linn.net\/wp-content\/uploads\/2023\/12\/gefaltete-haende-blau-768x525.png 768w, https:\/\/test.bc-linn.net\/wp-content\/uploads\/2023\/12\/gefaltete-haende-blau-1536x1049.png 1536w\" sizes=\"(max-width: 1874px) 100vw, 1874px\" \/>\t\t\t\t\t\t\t\t\t<\/div>\n\t\t\t\t\t\t\t\t\n\t\t\t\t\t\t\t\t\n\t\t\t\t\t\t\t\t<div class=\"wd-timeline-content set-cont-mb-s reset-last-child\">\n\t\t\t\t\t\t\t\t\t\t\t\t\t\t\t\t\t<\/div>\n\t\t\t\t\t\t\t<\/div>\n\t\t\t\t\t\t<\/div>\n\t\t\t\t\t\t\t\t\t\t\t\t\t\t\t\t\t\t\t\t\t\t\t\t\t<div class=\"wd-timeline-breakpoint elementor-repeater-item-741bf29\">\n\t\t\t\t\t\t\t<span class=\"woodmart-timeline-breakpoint-title\">\n\t\t\t\t\t\t\t\t2007\t\t\t\t\t\t\t<\/span>\n\t\t\t\t\t\t<\/div>\n\t\t\t\t\t\t\t\t\t\t\t\t\t\t\t\t\t\t\t\t\t\t\t\t\t<div class=\"wd-timeline-item wd-item-position-left elementor-repeater-item-db83814\">\n\t\t\t\t\t\t\t<div class=\"woodmart-timeline-dot\"><\/div>\n\n\t\t\t\t\t\t\t<div class=\"timeline-col timeline-col-primary\">\n\t\t\t\t\t\t\t\t<span class=\"timeline-arrow\"><\/span>\n\t\t\t\t\t\t\t\t\n\t\t\t\t\t\t\t\t\n\t\t\t\t\t\t\t\t<div class=\"wd-timeline-content set-cont-mb-s reset-last-child\">\n\t\t\t\t\t\t\t\t\t<h3 style=\"font-size: 28px;\"><strong>Heimgang von Pastor <br \/>Br. Hermann Schumacher<\/strong><\/h3><p>Br. Hermann war ein Pastor und Bruder, den alle Geschwister mochten und liebten. Mit Pastoren anderer Gemeinden pflegte er einen engen Kontakt und war mit vielen von ihnen eng befreundet. Im Januar 2007 wurde Br. Hermann Schumacher von seinem innig geliebten Herrn und Heiland nach Hause gerufen.<\/p>\t\t\t\t\t\t\t\t<\/div>\n\t\t\t\t\t\t\t<\/div>\n\n\t\t\t\t\t\t\t<div class=\"timeline-col timeline-col-secondary\">\n\t\t\t\t\t\t\t\t<span class=\"timeline-arrow\"><\/span>\n\t\t\t\t\t\t\t\t\t\t\t\t\t\t\t\t\t<div class=\"wd-timeline-image\">\n\t\t\t\t\t\t\t\t\t\t<img loading=\"lazy\" decoding=\"async\" width=\"2560\" height=\"1816\" src=\"https:\/\/test.bc-linn.net\/wp-content\/uploads\/2024\/12\/Bild-Hermann-Schumacher-2-scaled.jpeg\" class=\"attachment-full size-full\" alt=\"\" srcset=\"https:\/\/test.bc-linn.net\/wp-content\/uploads\/2024\/12\/Bild-Hermann-Schumacher-2-scaled.jpeg 2560w, https:\/\/test.bc-linn.net\/wp-content\/uploads\/2024\/12\/Bild-Hermann-Schumacher-2-300x213.jpeg 300w, https:\/\/test.bc-linn.net\/wp-content\/uploads\/2024\/12\/Bild-Hermann-Schumacher-2-1024x726.jpeg 1024w, https:\/\/test.bc-linn.net\/wp-content\/uploads\/2024\/12\/Bild-Hermann-Schumacher-2-768x545.jpeg 768w, https:\/\/test.bc-linn.net\/wp-content\/uploads\/2024\/12\/Bild-Hermann-Schumacher-2-1536x1090.jpeg 1536w, https:\/\/test.bc-linn.net\/wp-content\/uploads\/2024\/12\/Bild-Hermann-Schumacher-2-2048x1453.jpeg 2048w\" sizes=\"(max-width: 2560px) 100vw, 2560px\" \/>\t\t\t\t\t\t\t\t\t<\/div>\n\t\t\t\t\t\t\t\t\n\t\t\t\t\t\t\t\t\n\t\t\t\t\t\t\t\t<div class=\"wd-timeline-content set-cont-mb-s reset-last-child\">\n\t\t\t\t\t\t\t\t\t\t\t\t\t\t\t\t\t<\/div>\n\t\t\t\t\t\t\t<\/div>\n\t\t\t\t\t\t<\/div>\n\t\t\t\t\t\t\t\t\t\t\t\t\t\t\t\t\t\t\t\t\t\t\t\t\t<div class=\"wd-timeline-item wd-item-position-right elementor-repeater-item-1c3386a\">\n\t\t\t\t\t\t\t<div class=\"woodmart-timeline-dot\"><\/div>\n\n\t\t\t\t\t\t\t<div class=\"timeline-col timeline-col-primary\">\n\t\t\t\t\t\t\t\t<span class=\"timeline-arrow\"><\/span>\n\t\t\t\t\t\t\t\t\n\t\t\t\t\t\t\t\t\n\t\t\t\t\t\t\t\t<div class=\"wd-timeline-content set-cont-mb-s reset-last-child\">\n\t\t\t\t\t\t\t\t\t<h3 style=\"font-size: 28px;\">Pastor Br. Gustav Panknin<\/h3><p>Nach diesen schweren Monaten wurde Br. Gustav Panknin von der Gemeinde zum Pastor gew\u00e4hlt. Br. Gustav war von den ersten Tagen an ein Teil der Gemeinde und er kennt noch gut die Zeit des Hauskreises bei Familie Schumacher. \u00dcber all die Jahre hat er Br. Hermann tatkr\u00e4ftig unterst\u00fctzt und stand der Gemeinde mit verschiedenen Diensten zur Seite.<\/p>\t\t\t\t\t\t\t\t<\/div>\n\t\t\t\t\t\t\t<\/div>\n\n\t\t\t\t\t\t\t<div class=\"timeline-col timeline-col-secondary\">\n\t\t\t\t\t\t\t\t<span class=\"timeline-arrow\"><\/span>\n\t\t\t\t\t\t\t\t\t\t\t\t\t\t\t\t\t<div class=\"wd-timeline-image\">\n\t\t\t\t\t\t\t\t\t\t<img loading=\"lazy\" decoding=\"async\" width=\"1920\" height=\"1280\" src=\"https:\/\/test.bc-linn.net\/wp-content\/uploads\/2023\/12\/bibel-aufgeschlagen.jpg\" class=\"attachment-full size-full\" alt=\"\" srcset=\"https:\/\/test.bc-linn.net\/wp-content\/uploads\/2023\/12\/bibel-aufgeschlagen.jpg 1920w, https:\/\/test.bc-linn.net\/wp-content\/uploads\/2023\/12\/bibel-aufgeschlagen-300x200.jpg 300w, https:\/\/test.bc-linn.net\/wp-content\/uploads\/2023\/12\/bibel-aufgeschlagen-1024x683.jpg 1024w, https:\/\/test.bc-linn.net\/wp-content\/uploads\/2023\/12\/bibel-aufgeschlagen-768x512.jpg 768w, https:\/\/test.bc-linn.net\/wp-content\/uploads\/2023\/12\/bibel-aufgeschlagen-1536x1024.jpg 1536w\" sizes=\"(max-width: 1920px) 100vw, 1920px\" \/>\t\t\t\t\t\t\t\t\t<\/div>\n\t\t\t\t\t\t\t\t\n\t\t\t\t\t\t\t\t\n\t\t\t\t\t\t\t\t<div class=\"wd-timeline-content set-cont-mb-s reset-last-child\">\n\t\t\t\t\t\t\t\t\t\t\t\t\t\t\t\t\t<\/div>\n\t\t\t\t\t\t\t<\/div>\n\t\t\t\t\t\t<\/div>\n\t\t\t\t\t\t\t\t\t\t\t\t\t\t\t\t\t\t\t\t\t\t\t\t\t<div class=\"wd-timeline-breakpoint elementor-repeater-item-04d6e35\">\n\t\t\t\t\t\t\t<span class=\"woodmart-timeline-breakpoint-title\">\n\t\t\t\t\t\t\t\t2010\t\t\t\t\t\t\t<\/span>\n\t\t\t\t\t\t<\/div>\n\t\t\t\t\t\t\t\t\t\t\t\t\t\t\t\t\t\t\t\t\t\t\t\t\t<div class=\"wd-timeline-item wd-item-position-left elementor-repeater-item-89060b8\">\n\t\t\t\t\t\t\t<div class=\"woodmart-timeline-dot\"><\/div>\n\n\t\t\t\t\t\t\t<div class=\"timeline-col timeline-col-primary\">\n\t\t\t\t\t\t\t\t<span class=\"timeline-arrow\"><\/span>\n\t\t\t\t\t\t\t\t\n\t\t\t\t\t\t\t\t\n\t\t\t\t\t\t\t\t<div class=\"wd-timeline-content set-cont-mb-s reset-last-child\">\n\t\t\t\t\t\t\t\t\t<h3 style=\"font-size: 28px;\">Neuer Gemeindesaal und <br \/>Umzug nach Krefeld Linn<\/h3><p>Als junger Pastor mit viel Schaffenskraft sah Br. Gustav schon bald die Notwendigkeit, dass die Gemeinde in einen gr\u00f6\u00dferen Saal umziehen muss. Die Versammlung brauchte dringend mehr Platz und auch bessere r\u00e4umliche M\u00f6glichkeiten f\u00fcr die Kinderstunde und f\u00fcr Jungendversammlungen. Br. Gustav hat diese Vision umgesetzt, nachdem der Herr uns ein sehr gutes Angebot eines Saales in Krefeld gegeben hat. Krefeld war nun der bessere Standort, weil die Mehrheit der Geschwister mittlerweile aus Krefeld kam.<br \/>\u00a0So versammelt sich die Gemeinde durch die Gnade des Herrn seit April 2010 in dem Versammlungsgeb\u00e4ude genannt \u201eEvangeliums-Haus\u201c auf der Carl-Sonnenschein Str. 100 in Krefeld-Linn.<\/p>\t\t\t\t\t\t\t\t<\/div>\n\t\t\t\t\t\t\t<\/div>\n\n\t\t\t\t\t\t\t<div class=\"timeline-col timeline-col-secondary\">\n\t\t\t\t\t\t\t\t<span class=\"timeline-arrow\"><\/span>\n\t\t\t\t\t\t\t\t\t\t\t\t\t\t\t\t\t<div class=\"wd-timeline-image\">\n\t\t\t\t\t\t\t\t\t\t<img decoding=\"async\" width=\"1874\" height=\"1280\" src=\"https:\/\/test.bc-linn.net\/wp-content\/uploads\/2023\/12\/gefaltete-haende-blau.png\" class=\"attachment-full size-full\" alt=\"\" srcset=\"https:\/\/test.bc-linn.net\/wp-content\/uploads\/2023\/12\/gefaltete-haende-blau.png 1874w, https:\/\/test.bc-linn.net\/wp-content\/uploads\/2023\/12\/gefaltete-haende-blau-300x205.png 300w, https:\/\/test.bc-linn.net\/wp-content\/uploads\/2023\/12\/gefaltete-haende-blau-1024x699.png 1024w, https:\/\/test.bc-linn.net\/wp-content\/uploads\/2023\/12\/gefaltete-haende-blau-768x525.png 768w, https:\/\/test.bc-linn.net\/wp-content\/uploads\/2023\/12\/gefaltete-haende-blau-1536x1049.png 1536w\" sizes=\"(max-width: 1874px) 100vw, 1874px\" \/>\t\t\t\t\t\t\t\t\t<\/div>\n\t\t\t\t\t\t\t\t\n\t\t\t\t\t\t\t\t\n\t\t\t\t\t\t\t\t<div class=\"wd-timeline-content set-cont-mb-s reset-last-child\">\n\t\t\t\t\t\t\t\t\t\t\t\t\t\t\t\t\t<\/div>\n\t\t\t\t\t\t\t<\/div>\n\t\t\t\t\t\t<\/div>\n\t\t\t\t\t\t\t\t\t\t\t\t\t\t\t\t\t\t\t\t\t\t\t\t\t<div class=\"wd-timeline-breakpoint elementor-repeater-item-236301b\">\n\t\t\t\t\t\t\t<span class=\"woodmart-timeline-breakpoint-title\">\n\t\t\t\t\t\t\t\tHEUTE\t\t\t\t\t\t\t<\/span>\n\t\t\t\t\t\t<\/div>\n\t\t\t\t\t\t\t\t\t\t\t\t<\/div>\n\t\t<\/div>\n\t\t\t\t<\/div>\n\t\t\t\t<\/div>\n\t\t\t\t\t<\/div>\n\t\t<\/div>\n\t\t\t\t\t\t\t<\/div>\n\t\t<\/section>\n\t\t\t\t<section class=\"wd-negative-gap elementor-section elementor-top-section elementor-element elementor-element-2fc7395 elementor-section-content-middle elementor-section-boxed elementor-section-height-default elementor-section-height-default wd-section-disabled\" data-id=\"2fc7395\" data-element_type=\"section\" data-settings=\"{&quot;background_background&quot;:&quot;classic&quot;}\">\n\t\t\t\t\t\t<div class=\"elementor-container elementor-column-gap-default\">\n\t\t\t\t\t<div class=\"elementor-column elementor-col-50 elementor-top-column elementor-element elementor-element-3fa20fd\" data-id=\"3fa20fd\" data-element_type=\"column\">\n\t\t\t<div class=\"elementor-widget-wrap elementor-element-populated\">\n\t\t\t\t\t\t\t\t<div class=\"elementor-element elementor-element-4fe988cd elementor-widget elementor-widget-wd_image_or_svg\" data-id=\"4fe988cd\" data-element_type=\"widget\" data-widget_type=\"wd_image_or_svg.default\">\n\t\t\t\t<div class=\"elementor-widget-container\">\n\t\t\t\n\t\t<div class=\"wd-image text-left\">\n\t\t\t\t\t\t\t\t<img loading=\"lazy\" decoding=\"async\" width=\"627\" height=\"620\" src=\"https:\/\/test.bc-linn.net\/wp-content\/uploads\/2023\/12\/books-james-brown-img.png\" class=\"attachment-full size-full\" alt=\"\" srcset=\"https:\/\/test.bc-linn.net\/wp-content\/uploads\/2023\/12\/books-james-brown-img.png 627w, https:\/\/test.bc-linn.net\/wp-content\/uploads\/2023\/12\/books-james-brown-img-300x297.png 300w\" sizes=\"(max-width: 627px) 100vw, 627px\" \/>\t\t\t\t\t<\/div>\n\n\t\t\t\t<\/div>\n\t\t\t\t<\/div>\n\t\t\t\t\t<\/div>\n\t\t<\/div>\n\t\t\t\t<div class=\"elementor-column elementor-col-50 elementor-top-column elementor-element elementor-element-271a2991\" data-id=\"271a2991\" data-element_type=\"column\" data-settings=\"{&quot;background_background&quot;:&quot;classic&quot;}\">\n\t\t\t<div class=\"elementor-widget-wrap elementor-element-populated\">\n\t\t\t\t\t\t\t\t<div class=\"elementor-element elementor-element-589b3e74 elementor-widget elementor-widget-wd_title\" data-id=\"589b3e74\" data-element_type=\"widget\" data-widget_type=\"wd_title.default\">\n\t\t\t\t<div class=\"elementor-widget-container\">\n\t\t\t\t\t\t<link rel=\"stylesheet\" id=\"wd-mod-highlighted-text-css\" href=\"https:\/\/test.bc-linn.net\/wp-content\/themes\/woodmart\/css\/parts\/mod-highlighted-text.min.css?ver=7.3.4\" type=\"text\/css\" media=\"all\" \/> \t\t\t\t\t<div class=\"title-wrapper set-mb-s reset-last-child wd-title-color-default wd-title-style-default wd-title-size-default text-left\">\n\n\t\t\t\n\t\t\t<div class=\"liner-continer\">\n\t\t\t\t<h4 class=\"woodmart-title-container title wd-fontsize-l wd-underline-colored\">Das Wirken Gottes und die Vision der Gemeinde<\/h4> \n\t\t\t\t\t\t\t<\/div>\n\n\t\t\t\t\t<\/div>\n\t\t\t\t<\/div>\n\t\t\t\t<\/div>\n\t\t\t\t<div class=\"elementor-element elementor-element-25a4509 elementor-widget elementor-widget-wd_text_block\" data-id=\"25a4509\" data-element_type=\"widget\" data-widget_type=\"wd_text_block.default\">\n\t\t\t\t<div class=\"elementor-widget-container\">\n\t\t\t\t\t<div class=\"wd-text-block reset-last-child text-left\">\n\t\t\t\n\t\t\t<p>Bis heute hat der Herr die Gemeinde weiterhin reichlich gesegnet und zu der Versammlung nach Seinem vollkommenen Willen hinzugef\u00fcgt: gl\u00e4ubige Menschen, Offenbarung, Erkenntnis und g\u00f6ttliche Liebe. Br. Gustav Panknin ist der Pastor der Gemeinde und predigt das Evangelium, wie es uns gelehrt wurde durch die Apostel und Propheten und wie es uns gelehrt wurde durch die Botschaft zur Abendzeit gem\u00e4\u00df Maleachi 3:23-24. Der Herr Jesus Christus ist der Mittelpunkt unseres Lebens und unseres Wirkens.<\/p>\n\t\t\t\t\t<\/div>\n\t\t\t\t<\/div>\n\t\t\t\t<\/div>\n\t\t\t\t<div class=\"elementor-element elementor-element-14c202ad elementor-widget elementor-widget-wd_text_block\" data-id=\"14c202ad\" data-element_type=\"widget\" data-widget_type=\"wd_text_block.default\">\n\t\t\t\t<div class=\"elementor-widget-container\">\n\t\t\t\t\t<div class=\"wd-text-block reset-last-child text-left\">\n\t\t\t\n\t\t\t<p><strong><em>Johannes 1:1-2 und 14:<\/em><\/strong><br \/><em><sup>1<\/sup>Im Anfang war das Wort, und das Wort war bei Gott, und Gott war das Wort.\u00a0<sup>2<\/sup> Dasselbe war im Anfang bei Gott. <\/em><em><sup>14<\/sup>\u00a0Und das Wort ward Fleisch und wohnte unter uns, und wir sahen seine Herrlichkeit, eine Herrlichkeit als des eingeborenen Sohnes vom Vater, voller Gnade und Wahrheit.<\/em><\/p>\n\t\t\t\t\t<\/div>\n\t\t\t\t<\/div>\n\t\t\t\t<\/div>\n\t\t\t\t<div class=\"elementor-element elementor-element-ec52b3b elementor-widget__width-auto elementor-widget elementor-widget-wd_button\" data-id=\"ec52b3b\" data-element_type=\"widget\" data-widget_type=\"wd_button.default\">\n\t\t\t\t<div class=\"elementor-widget-container\">\n\t\t\t\t\t<div class=\"wd-button-wrapper text-center\" >\n\t\t\t<a class=\"btn btn-style-default btn-style-round btn-size-default btn-color-black btn-icon-pos-right\"  href=\"#\">\n\t\t\t\t<span class=\"wd-btn-text\" data-elementor-setting-key=\"text\">\n\t\t\t\t\tkontakt aufnehmen\t\t\t\t<\/span>\n\n\t\t\t\t\t\t\t<\/a>\n\t\t<\/div>\n\t\t\t\t<\/div>\n\t\t\t\t<\/div>\n\t\t\t\t\t<\/div>\n\t\t<\/div>\n\t\t\t\t\t\t\t<\/div>\n\t\t<\/section>\n\t\t\t\t\t\t\t<\/div>\n\t\t","protected":false},"excerpt":{"rendered":"<p>Unser Glaube Wir glauben, dass die Bibel das Wort Gottes ist und dass sie in unserer Zeit vollst\u00e4ndig ge\u00f6ffnet und<\/p>\n","protected":false},"author":1,"featured_media":0,"parent":0,"menu_order":0,"comment_status":"closed","ping_status":"closed","template":"","meta":{"footnotes":""},"class_list":["post-16","page","type-page","status-publish","hentry"],"_links":{"self":[{"href":"https:\/\/test.bc-linn.net\/index.php?rest_route=\/wp\/v2\/pages\/16","targetHints":{"allow":["GET"]}}],"collection":[{"href":"https:\/\/test.bc-linn.net\/index.php?rest_route=\/wp\/v2\/pages"}],"about":[{"href":"https:\/\/test.bc-linn.net\/index.php?rest_route=\/wp\/v2\/types\/page"}],"author":[{"embeddable":true,"href":"https:\/\/test.bc-linn.net\/index.php?rest_route=\/wp\/v2\/users\/1"}],"replies":[{"embeddable":true,"href":"https:\/\/test.bc-linn.net\/index.php?rest_route=%2Fwp%2Fv2%2Fcomments&post=16"}],"version-history":[{"count":73,"href":"https:\/\/test.bc-linn.net\/index.php?rest_route=\/wp\/v2\/pages\/16\/revisions"}],"predecessor-version":[{"id":383,"href":"https:\/\/test.bc-linn.net\/index.php?rest_route=\/wp\/v2\/pages\/16\/revisions\/383"}],"wp:attachment":[{"href":"https:\/\/test.bc-linn.net\/index.php?rest_route=%2Fwp%2Fv2%2Fmedia&parent=16"}],"curies":[{"name":"wp","href":"https:\/\/api.w.org\/{rel}","templated":true}]}}